{"id":349,"date":"2017-11-18T14:50:51","date_gmt":"2017-11-18T13:50:51","guid":{"rendered":"http:\/\/eduard-moerike-schule.de\/?page_id=349"},"modified":"2026-02-08T17:52:18","modified_gmt":"2026-02-08T16:52:18","slug":"termine","status":"publish","type":"page","link":"https:\/\/eduard-moerike-schule.de\/index.php\/termine\/","title":{"rendered":"Ferien und Termine"},"content":{"rendered":"\n<h2 class=\"wp-block-heading\">Schulferien 2025\/26<\/h2>\n\n\n\n<figure class=\"wp-block-table\"><table><thead><tr><th><strong>Ferien<\/strong><\/th><th>Von<\/th><th>Bis<\/th><th>Schulbeginn am<\/th><\/tr><\/thead><tbody><tr><td><strong>Sommerferien<\/strong><\/td><td><strong>Donnerstag<\/strong><br>31.07.2025<\/td><td><strong>Freitag<\/strong><br>12.09.2025<\/td><td><strong>Montag<\/strong><br>15.09.2025<\/td><\/tr><tr><td><strong>Herbstferien<\/strong><\/td><td><strong>Montag<\/strong><br>27.10.2025<\/td><td><strong>Freitag<\/strong><br>31.10.2025<\/td><td><strong>Montag<\/strong><br>03.11.2025<\/td><\/tr><tr><td><strong>Weihnachtsferien<\/strong><\/td><td><strong>Montag<\/strong><br>22.12.2025<\/td><td><strong>Montag<\/strong><br>05.01.2025<\/td><td><strong>Mittwoch<\/strong><br>07.01.2026<\/td><\/tr><tr><td><strong>Faschingsferien<\/strong><\/td><td><strong>Montag<\/strong><br>16.02.2026<\/td><td><strong>Freitag<\/strong><br>20.02.2026<\/td><td><strong>Montag<\/strong><br>23.02.2026<\/td><\/tr><tr><td><strong>Osterferien<\/strong><\/td><td><strong>Montag<\/strong><br>30.03.2026<\/td><td><strong>Freitag<\/strong><br>10.04.2026<\/td><td><strong>Montag<\/strong><br>13.04.2026<\/td><\/tr><tr><td><strong>Himmelfahrt<\/strong><\/td><td><strong>Donnerstag<\/strong><br>14.05.2026<\/td><td><strong>Freitag<\/strong><br>15.05.2026<\/td><td><strong>Montag<\/strong><br>18.05.2026<\/td><\/tr><tr><td><strong>Pfingstferien<\/strong><\/td><td><strong>Dienstag<\/strong><br>26.05.2026<\/td><td><strong>Freitag&nbsp;<\/strong><br>05.06.2026<\/td><td><strong>Montag<\/strong><br>08.06.2026<\/td><\/tr><tr><td><strong>Sommerferien<\/strong><\/td><td><strong>Donnerstag<\/strong><br>30.07.2026<\/td><td><strong>Freitag<\/strong><br>11.09.2026<\/td><td><strong>Montag<\/strong> <br>14.09.2026<\/td><\/tr><\/tbody><\/table><\/figure>\n\n\n\n<h2 class=\"wp-block-heading\">Schulferien 2026\/27<\/h2>\n\n\n\n<figure class=\"wp-block-table\"><table><thead><tr><th><strong>Ferien<\/strong><\/th><th>Von<\/th><th>Bis<\/th><th>Schulbeginn am<\/th><\/tr><\/thead><tbody><tr><td><strong>Sommerferien<\/strong><\/td><td><strong>Donnerstag<\/strong><br>30.07.2026<\/td><td><strong>Freitag<\/strong><br>11.09.26<\/td><td><strong>Montag<\/strong><br>14.09.2026<\/td><\/tr><tr><td><strong>Herbstferien<\/strong><\/td><td><strong>Montag<\/strong><br>24.10.2026<\/td><td><strong>Freitag<\/strong><br>30.10.2026<\/td><td><strong>Montag<\/strong><br>02.11.2026<\/td><\/tr><tr><td><strong>Weihnachtsferien<\/strong><\/td><td><strong>Mittwoch<\/strong><br>23.12.2026<\/td><td><strong>Freitag<\/strong><br>08.01.2027<\/td><td><strong>Montag<\/strong><br>11.01.2027<\/td><\/tr><tr><td><strong>Faschingsferien<\/strong><\/td><td><strong>Montag<\/strong><br>08.02.2027<\/td><td><strong>Freitag<\/strong><br>12.02.2027<\/td><td><strong>Montag<\/strong><br>15.02.2027<\/td><\/tr><tr><td><strong>Osterferien<\/strong><\/td><td><strong>Mittwoch<\/strong><br>24.03.2027<\/td><td><strong>Freitag<\/strong><br>02.04.2027<\/td><td><strong>Montag<\/strong><br>05.04.2027<\/td><\/tr><tr><td><strong>Himmelfahrt<\/strong><\/td><td><strong>Donnerstag<\/strong><br>06.05.2027<\/td><td><strong>Freitag<\/strong><br>07.05.2027<\/td><td><strong>Montag<\/strong><br>10.05.2027<\/td><\/tr><tr><td><strong>Pfingstferien<\/strong><\/td><td><strong>Dienstag<\/strong><br>18.05.2027<\/td><td><strong>Freitag&nbsp;<\/strong><br>28.05.2027<\/td><td><strong>Montag<\/strong><br>31.05.2027<\/td><\/tr><tr><td><strong>Sommerferien<\/strong><\/td><td><strong>Donnerstag<\/strong><br>29.07.2027<\/td><td><strong>Freitag<\/strong><br>10.09.2027<\/td><td><strong>Montag<\/strong> <br>13.09.2027<\/td><\/tr><\/tbody><\/table><\/figure>\n\n\n\n<h2 class=\"wp-block-heading\" id=\"terminubersicht-1-und-2-halbjahr\">Termin\u00fcbersicht 1. Halbjahr <\/h2>\n\n\n\n<figure class=\"wp-block-table is-style-regular\"><table><tbody><tr><td>Mo. 15.09.25<\/td><td>Elternabend Schulanf\u00e4nger (19.00 Uhr)&nbsp;<\/td><\/tr><tr><td><strong>Do. <\/strong><br><strong>18.09.25<\/strong><\/td><td><strong>Einschulungsfeier<\/strong> <strong>mit Gottesdienst (8:00 Uhr)<\/strong><\/td><\/tr><tr><td><strong>Mi. 01.10.25 <\/strong><\/td><td><strong>Elternabend <strong>f\u00fcr Eltern der Kommunionskinder (Einladung erfolgte \u00fcber Herrn Ludwig)<\/strong><\/strong><\/td><\/tr><tr><td>Mo. <br>13.10.25 &#8211; Do. 24.10.25<\/td><td>Lernstand 2 (Lernstandsdiagnose), genaue Termine folgen \u00fcber die Klassenlehrerinnen<\/td><\/tr><tr><td><strong>Mi. 15.10.25<\/strong><\/td><td><strong><strong>Elternabend&nbsp;f\u00fcr alle Klassen mit gemeinsamem Beginn in der Aula (19.00 Uhr)<\/strong><\/strong><\/td><\/tr><tr><td><strong>Di. <br>21.10.25<\/strong><\/td><td><strong>Elternbeiratssitzung (19.00 Uhr)<\/strong><\/td><\/tr><tr><td><strong>Mi. <\/strong><br><strong>22.10.25 <\/strong><\/td><td><strong>Info-Veranstaltung Weiterf\u00fchrende Schulen f\u00fcr die Eltern der Viertkl\u00e4ssler an der Eduard-M\u00f6rike-Grundschule (19.00 Uhr)<\/strong><\/td><\/tr><tr><td>Do. 23.10.25<\/td><td><strong>Ein Zauberer besucht die Schule w\u00e4hrend der Unterrichtszeit&nbsp;<\/strong>(Elternbrief folgt)<\/td><\/tr><tr><td><strong>Do. 23.10.25<\/strong><\/td><td>F\u00f6rdervereinssitzung (19.30 Uhr) im Musiksaal<br>Alle Interessierten sind ganz herzlich willkommen!<\/td><\/tr><tr><td><strong>Mi. 05.11.25<\/strong><\/td><td><strong>Schulkonferenz, 19.00 Uhr im Lehrerzimmer<\/strong><\/td><\/tr><tr><td><strong>Fr. <\/strong><br><strong>07.11.25<\/strong><\/td><td><strong>P\u00e4dagogischer Tag.&nbsp;<\/strong>Wir besch\u00e4ftigen uns mit der kollegialen Hospitation, eines der wirksamsten Mittel im Bereich Unterrichtsentwicklung. Da unsere Mittage mit Unterricht belegt sind und der Referent nur wenige Termine zur Auswahl hat, haben wir uns auf den kurzen Tag (Freitag) geeinigt. Sollten Sie eine Betreuung f\u00fcr Ihr Kind ben\u00f6tigen, teilen Sie dies bitte der Klassenlehrerin mit.<\/td><\/tr><tr><td><strong>Di.<\/strong><br><strong>11.11.25<\/strong><\/td><td><strong>St. Martinsfeier, Laternenumzug, Kl. 1-4, 17.00 Uhr <\/strong><\/td><\/tr><tr><td><strong>Mi. 12.11.25<\/strong><\/td><td><strong>Gesamtelternbeiratssitzung der Blausteiner Schulen<\/strong><\/td><\/tr><tr><td>Do. 13.11.25<\/td><td>Fredericktag (B\u00fccherflohmarkt am Schulmittag, schulintern)<\/td><\/tr><tr><td><strong>Di. 02.12.25<\/strong><\/td><td><strong>Adventswerkstatt in den Klassen 1 &#8211; 4<\/strong><br>&#8222;Schneiden, h\u00e4mmern, basteln &#8211; \u00fcberall im Haus&#8230;&#8220; Wir bereiten uns auf die Adventszeit vor. Sollten wir Elternhilfe ben\u00f6tigen, kommen wir auf Sie zu.<\/td><\/tr><tr><td><strong>Mi. 03.12.25<\/strong><\/td><td><strong>Fotografin kommt zu den Klassen 1a und 1b<\/strong><\/td><\/tr><tr><td><strong>Fr. 05.12.25<\/strong><\/td><td><strong>9.00 Uhr Besuch des Ulmer Theaters: \u201eDer Zauberer von Oz\u201c<\/strong><br>W\u00e4hrend der Unterrichtszeit (Elternbrief folgt)<\/td><\/tr><tr><td><strong>Sa. 13.12.25<\/strong><\/td><td><strong>Weihnachtsmarkt Blaustein<\/strong><br>Wir singen am Weihnachtsmarkt und beteiligen uns in Kooperation mit unserem F\u00f6rderverein.<\/td><\/tr><tr><td><strong>Mo. 15.12.25<\/strong><\/td><td><strong>Bunte Stunde im Advent<\/strong><br><strong>14.00 \u2013 15.00 Uhr, Eltern sind eingeladen<\/strong>! Anschlie\u00dfend, in Absprache mit den Klassenlehrerinnen, eventuell Klassenweihnachtsfeiern<\/td><\/tr><tr><td><strong>Do. 19.12.25<\/strong><\/td><td><strong>Gottesdienst&nbsp;&nbsp;um 8.15 Uhr und Unterricht nach Stundenplan&nbsp;<\/strong><br>Bitte entschuldigen Sie Ihr Kind schriftlich bei der Klassenlehrerin, wenn es nicht mit in den Gottesdienst gehen wird.<\/td><\/tr><tr><td><strong>ab Mi. 07.01.26<\/strong><\/td><td><strong>Gespr\u00e4che zum Halbjahr<\/strong><\/td><\/tr><tr><td><strong>Fr. 06.02.26<\/strong><\/td><td><strong>Ausgabe der Halbjahresinformation Kl. 1-4 und Grundschulempfehlung Kl. 4<\/strong><\/td><\/tr><\/tbody><\/table><\/figure>\n\n\n\n<h2 class=\"wp-block-heading\">Termin\u00fcbersicht 2. Halbjahr<\/h2>\n\n\n\n<div class=\"wp-block-columns is-layout-flex wp-container-core-columns-is-layout-9d6595d7 wp-block-columns-is-layout-flex\">\n<div class=\"wp-block-column is-layout-flow wp-block-column-is-layout-flow\" style=\"flex-basis:100%\">\n<figure class=\"wp-block-table is-style-regular\"><table><tbody><tr><td>Mi. 07.01.26<\/td><td>Die Sternsinger besuchen unsere Schule am Schulmorgen w\u00e4hrend der Schulversammlung im neuen Jahr.<\/td><\/tr><tr><td>Jan. 26<\/td><td><strong>Gespr\u00e4che zum Halbjahr<\/strong><\/td><\/tr><tr><td><strong>Do. 15.01.26 <\/strong><\/td><td><strong><strong>Infoabend zur Ganztagsschule f\u00fcr Schulanf\u00e4nger mit anschlie\u00dfendem\u00a0Elternabend\u00a0f\u00fcr Vorsch\u00fcler\u00a0<\/strong>19.00 Uhr im Musiksaal der EMS<\/strong><\/td><\/tr><tr><td>ab Mi. 26.02.26<\/td><td><strong>Klassenkonferenzen zum Halbjahr<\/strong><\/td><\/tr><tr><td><strong>Mo. 02.02.26<\/strong><\/td><td><strong>Frau Balbach und Frau Schwenk beginnen ihr Referendariat an der Schule<\/strong><\/td><\/tr><tr><td><strong>Fr. 06.02.26 <\/strong><\/td><td><strong><strong>Ausgabe der Halbjahresinformation\u00a0<\/strong>(Klassen 3 und 4) mit\u00a0<strong>Grundschulempfehlung f\u00fcr Kl. 4<\/strong><\/strong><\/td><\/tr><tr><td><strong>Do. <\/strong><br><strong>12.02.26 <\/strong><\/td><td><strong><strong>Classic-Mobil-Konzert<\/strong> am Schulmittag f\u00fcr alle Kinder in der Aula. Heute ist das Motto:\u00a0<strong>\u201eSuperschick!\u201c<\/strong><\/strong><\/td><\/tr><tr><td>Mo. 09.02. &#8211; Fr. 13.02.26<\/td><td><strong>Verr\u00fcckte Woche<\/strong><br>Je nach Klasse und Ank\u00fcndigung kommen die Kinder und Lehrkr\u00e4fte verr\u00fcckt zur Schule.<\/td><\/tr><tr><td><strong>Di. 10.02.26<\/strong><\/td><td><strong>Schulanmeldung (13.00\u00a0\u2013\u00a018.00 Uhr)<\/strong><br>mit Kaffee- und Kuchenverkauf der Klassen 4<\/td><\/tr><tr><td><strong>Mi. 11.02.26<\/strong><\/td><td><strong><strong>\u201eH\u00e4svorstellung\u201c\u00a0<\/strong>am Schulmorgen<\/strong><\/td><\/tr><tr><td><strong>Do. 12.02.26<\/strong><\/td><td><strong>7.30 Uhr Sch\u00fclergottesdienst<\/strong><br>Der Sch\u00fclergottesdienst findet heute an der Eduard-M\u00f6rike-Schule im Raum der Stille statt. Die Teilnahme ist freiwillig.<\/td><\/tr><tr><td><strong>Fr.<\/strong><br><strong>13.02.26<\/strong><\/td><td><strong><strong>10.00 Uhr Schulsturm<\/strong><br>Die Kinder d\u00fcrfen verkleidet in die Schule kommen. Nach dem Schulsturm durch\u00a0die Narrenvereinigung \u201eKatzastrecker\u201c und dem Musikverein endet die Schule\u00a0<strong>wie gewohnt<\/strong>. Konfetti und Munition sind nicht erlaubt.<\/strong><\/td><\/tr><tr><td>Mo. 09.03. &#8211;<br>Fr. 12.03.26 <\/td><td><strong>Verbindliche Anmeldung an der weiterf\u00fchrenden Schule (Formular) f\u00fcr die Viertkl\u00e4ssler<\/strong><\/td><\/tr><tr><td>Mo. 02.03. &#8211; Fr. 20.03.26<\/td><td><strong>Klassenpflegschaftssitzungen<\/strong><br>In Absprache mit der jeweiligen Klassenlehrerin laden die Elternvertreter zur Klassenpflegschaftssitzung ein.<\/td><\/tr><tr><td>So. 22.03.26<\/td><td><strong>14.30 Uhr Sch\u00fclerkonzert in der Blautalhalle:<\/strong><br>Auftritt der Bl\u00e4serklasse (<strong>Elternbrief\u00a0<\/strong>folgt)<\/td><\/tr><tr><td>Do. 26.03.26<\/td><td><strong>7.30 Uhr Sch\u00fclergottesdienst<\/strong><br>Der Sch\u00fclergottesdienst findet heute an der Eduard-M\u00f6rike-Schule im Raum der Stille statt. Die Teilnahme ist freiwillig.<\/td><\/tr><tr><td><strong>Mo. 13.04.26<\/strong><\/td><td>Kommunionsausflug<\/td><\/tr><tr><td><strong>Di. 14.04.26<\/strong><\/td><td><strong>19.00 Uhr Elternbeiratssitzung\u00a0<\/strong>(Einladung an die entsprechenden Eltern folgt)<\/td><\/tr><tr><td>Mi. <strong>22.04.26<\/strong><\/td><td><strong>VERA\u00a0\u2013\u00a0Deutsch\u00a0<\/strong>Lernstandserhebung Kl. 3a\/b<\/td><\/tr><tr><td>Do. <strong>23.04.26<\/strong><\/td><td><strong>VERA\u00a0\u2013\u00a0Mathematik\u00a0<\/strong>Lernstandserhebung Kl. 3a\/b<\/td><\/tr><tr><td>Mi. <strong>29.04.26<\/strong><\/td><td><strong><strong>VERA\u00a0\u2013\u00a0Deutsch\u00a0<\/strong>Lernstandserhebung Kl. 3a\/b<\/strong><\/td><\/tr><tr><td><strong>Mi. 06.05.26<\/strong><\/td><td><strong>Fotografin kommt zu den Viertkl\u00e4sslerInnen<\/strong><\/td><\/tr><tr><td>Do. 21.05.26<\/td><td><strong>19.00 Uhr Schulkonferenz<br><\/strong>(Einladung an die betroffenen Eltern und Lehrkr\u00e4fte folgt)<\/td><\/tr><tr><td>Do. 21.05.26<\/td><td><strong>7.30 Uhr Sch\u00fclergottesdienst<\/strong><br>Der Sch\u00fclergottesdienst findet heute an der Eduard-M\u00f6rike-Schule im Raum der Stille statt. Die Teilnahme ist freiwillig.<\/td><\/tr><tr><td>Mo. 08.06. &#8211; 12.06.26<\/td><td><strong>Projektwoche<\/strong> \/ <strong>Schulfest\u00a0<\/strong>am Mittag (12.06.26)<\/td><\/tr><tr><td>Termin folgt<\/td><td><strong>18.30 Uhr\u00a0Eltern\/Kind-Informationsabend f\u00fcr die zweiten Klassen\u00a0<\/strong>zur Bl\u00e4serklasse (Einladung folgt)<\/td><\/tr><tr><td>Mo. 15.06. &#8211; Mi 17.06.26<\/td><td><strong>Schullandheim Kl. 4a und 4b<\/strong><\/td><\/tr><tr><td>Do. 18.06.26<\/td><td><strong>Gesamtelternbeiratssitzung Blaustein, 19.00 Uhr<br><\/strong>(Einladung an die Elternbeiratsvorsitzenden folgt)<\/td><\/tr><tr><td>Do. 25.06.26<\/td><td><strong>Start Fahrradausbildung\u00a0<\/strong>der vierten Klassen<br>Die einzelnen Termine werden Ihnen \u00fcber die Klassenlehrerinnen mitgeteilt.<\/td><\/tr><tr><td>Fr. 03.07.26<\/td><td><strong>Bundesjugendspiele\u00a0<\/strong>am Schulmorgen im Lix-Stadion<\/td><\/tr><tr><td>Fr. 17.07.26<\/td><td><strong>Bundesjugendspiele (Ersatztermin)<\/strong><\/td><\/tr><tr><td>Do. 23.07.26<\/td><td><strong>7.30 Uhr Sch\u00fclergottesdienst<\/strong><br>Der Sch\u00fclergottesdienst findet heute an der Eduard-M\u00f6rike-Schule im Raum der Stille statt. Die Teilnahme ist freiwillig.<\/td><\/tr><tr><td>Termin folgt<\/td><td><strong>Handballturnier<\/strong><\/td><\/tr><tr><td>Termin folgt<\/td><td><strong>Serenade beim Musikerheim<br><\/strong>Auftritt der Bl\u00e4serklasse<\/td><\/tr><tr><td>Di. 28.07.26<\/td><td><strong>Abschlussgottesdienst am Schulmittag<\/strong><\/td><\/tr><tr><td>Mi. 29.07.26<\/td><td><strong>Verabschiedung unserer Viertkl\u00e4ssler am Schulmorgen\u00a0<\/strong>(<strong>Eltern\u00a0<\/strong>der Viertkl\u00e4ssler sind herzlich willkommen)<br><strong>Zeugnisausgabe\u00a0<\/strong>(Schule endet um 11.45 Uhr. Achtung: Es finden keine AGs und kein Mittagsunterricht statt.)<\/td><\/tr><tr><td>Mo. 14.09.26<\/td><td>Elternabend Schulanf\u00e4nger (19.00 Uhr)\u00a0<\/td><\/tr><tr><td>Do. 17.09.26<\/td><td><strong>Einschulungsfeier<\/strong> <strong>mit Gottesdienst (8:00 Uhr)<\/strong><\/td><\/tr><\/tbody><\/table><\/figure>\n<\/div>\n<\/div>\n\n\n\n<p><\/p>\n","protected":false},"excerpt":{"rendered":"<p>Schulferien 2025\/26 Ferien Von Bis Schulbeginn am Sommerferien Donnerstag31.07.2025 Freitag12.09.2025 Montag15.09.2025 Herbstferien Montag27.10.2025 Freitag31.10.2025 Montag03.11.2025 Weihnachtsferien Montag22.12.2025 Montag05.01.2025 Mittwoch07.01.2026 Faschingsferien Montag16.02.2026 Freitag20.02.2026 Montag23.02.2026 Osterferien Montag30.03.2026 Freitag10.04.2026 Montag13.04.2026 Himmelfahrt Donnerstag14.05.2026 Freitag15.05.2026 Montag18.05.2026 Pfingstferien Dienstag26.05.2026 Freitag&nbsp;05.06.2026 Montag08.06.2026 Sommerferien Donnerstag30.07.2026 Freitag11.09.2026 Montag 14.09.2026 Schulferien 2026\/27 Ferien Von Bis Schulbeginn am Sommerferien Donnerstag30.07.2026 Freitag11.09.26 Montag14.09.2026 Herbstferien Montag24.10.2026 Freitag30.10.2026 Montag02.11.2026 &hellip; <\/p>\n<p class=\"link-more\"><a href=\"https:\/\/eduard-moerike-schule.de\/index.php\/termine\/\" class=\"more-link\"><span class=\"screen-reader-text\">\u201eFerien und Termine\u201c <\/span>weiterlesen<\/a><\/p>\n","protected":false},"author":1,"featured_media":0,"parent":0,"menu_order":0,"comment_status":"closed","ping_status":"closed","template":"","meta":{"footnotes":""},"class_list":["post-349","page","type-page","status-publish","hentry"],"yoast_head":"<!-- This site is optimized with the Yoast SEO plugin v27.1.1 - https:\/\/yoast.com\/product\/yoast-seo-wordpress\/ -->\n<title>Ferien und Termine - Eduard-M\u00f6rike-Grundschule Blaustein<\/title>\n<meta name=\"robots\" content=\"index, follow, max-snippet:-1, max-image-preview:large, max-video-preview:-1\" \/>\n<link rel=\"canonical\" href=\"https:\/\/eduard-moerike-schule.de\/index.php\/termine\/\" \/>\n<meta property=\"og:locale\" content=\"de_DE\" \/>\n<meta property=\"og:type\" content=\"article\" \/>\n<meta property=\"og:title\" content=\"Ferien und Termine - Eduard-M\u00f6rike-Grundschule Blaustein\" \/>\n<meta property=\"og:description\" content=\"Schulferien 2025\/26 Ferien Von Bis Schulbeginn am Sommerferien Donnerstag31.07.2025 Freitag12.09.2025 Montag15.09.2025 Herbstferien Montag27.10.2025 Freitag31.10.2025 Montag03.11.2025 Weihnachtsferien Montag22.12.2025 Montag05.01.2025 Mittwoch07.01.2026 Faschingsferien Montag16.02.2026 Freitag20.02.2026 Montag23.02.2026 Osterferien Montag30.03.2026 Freitag10.04.2026 Montag13.04.2026 Himmelfahrt Donnerstag14.05.2026 Freitag15.05.2026 Montag18.05.2026 Pfingstferien Dienstag26.05.2026 Freitag&nbsp;05.06.2026 Montag08.06.2026 Sommerferien Donnerstag30.07.2026 Freitag11.09.2026 Montag 14.09.2026 Schulferien 2026\/27 Ferien Von Bis Schulbeginn am Sommerferien Donnerstag30.07.2026 Freitag11.09.26 Montag14.09.2026 Herbstferien Montag24.10.2026 Freitag30.10.2026 Montag02.11.2026 &hellip; \u201eFerien und Termine\u201c weiterlesen\" \/>\n<meta property=\"og:url\" content=\"https:\/\/eduard-moerike-schule.de\/index.php\/termine\/\" \/>\n<meta property=\"og:site_name\" content=\"Eduard-M\u00f6rike-Grundschule Blaustein\" \/>\n<meta property=\"article:modified_time\" content=\"2026-02-08T16:52:18+00:00\" \/>\n<meta name=\"twitter:card\" content=\"summary_large_image\" \/>\n<meta name=\"twitter:label1\" content=\"Gesch\u00e4tzte Lesezeit\" \/>\n\t<meta name=\"twitter:data1\" content=\"6\u00a0Minuten\" \/>\n<script type=\"application\/ld+json\" class=\"yoast-schema-graph\">{\"@context\":\"https:\/\/schema.org\",\"@graph\":[{\"@type\":\"WebPage\",\"@id\":\"https:\/\/eduard-moerike-schule.de\/index.php\/termine\/\",\"url\":\"https:\/\/eduard-moerike-schule.de\/index.php\/termine\/\",\"name\":\"Ferien und Termine - Eduard-M\u00f6rike-Grundschule Blaustein\",\"isPartOf\":{\"@id\":\"https:\/\/eduard-moerike-schule.de\/#website\"},\"datePublished\":\"2017-11-18T13:50:51+00:00\",\"dateModified\":\"2026-02-08T16:52:18+00:00\",\"breadcrumb\":{\"@id\":\"https:\/\/eduard-moerike-schule.de\/index.php\/termine\/#breadcrumb\"},\"inLanguage\":\"de\",\"potentialAction\":[{\"@type\":\"ReadAction\",\"target\":[\"https:\/\/eduard-moerike-schule.de\/index.php\/termine\/\"]}]},{\"@type\":\"BreadcrumbList\",\"@id\":\"https:\/\/eduard-moerike-schule.de\/index.php\/termine\/#breadcrumb\",\"itemListElement\":[{\"@type\":\"ListItem\",\"position\":1,\"name\":\"Startseite\",\"item\":\"https:\/\/eduard-moerike-schule.de\/\"},{\"@type\":\"ListItem\",\"position\":2,\"name\":\"Ferien und Termine\"}]},{\"@type\":\"WebSite\",\"@id\":\"https:\/\/eduard-moerike-schule.de\/#website\",\"url\":\"https:\/\/eduard-moerike-schule.de\/\",\"name\":\"Eduard-M\u00f6rike-Grundschule Blaustein\",\"description\":\"Bunt &amp; Stark\",\"publisher\":{\"@id\":\"https:\/\/eduard-moerike-schule.de\/#organization\"},\"potentialAction\":[{\"@type\":\"SearchAction\",\"target\":{\"@type\":\"EntryPoint\",\"urlTemplate\":\"https:\/\/eduard-moerike-schule.de\/?s={search_term_string}\"},\"query-input\":{\"@type\":\"PropertyValueSpecification\",\"valueRequired\":true,\"valueName\":\"search_term_string\"}}],\"inLanguage\":\"de\"},{\"@type\":\"Organization\",\"@id\":\"https:\/\/eduard-moerike-schule.de\/#organization\",\"name\":\"Eduard-M\u00f6rike-Schule Blaustein\",\"url\":\"https:\/\/eduard-moerike-schule.de\/\",\"logo\":{\"@type\":\"ImageObject\",\"inLanguage\":\"de\",\"@id\":\"https:\/\/eduard-moerike-schule.de\/#\/schema\/logo\/image\/\",\"url\":\"https:\/\/eduard-moerike-schule.de\/wp-content\/uploads\/2017\/11\/logo_1000.jpg\",\"contentUrl\":\"https:\/\/eduard-moerike-schule.de\/wp-content\/uploads\/2017\/11\/logo_1000.jpg\",\"width\":1000,\"height\":356,\"caption\":\"Eduard-M\u00f6rike-Schule Blaustein\"},\"image\":{\"@id\":\"https:\/\/eduard-moerike-schule.de\/#\/schema\/logo\/image\/\"}}]}<\/script>\n<!-- \/ Yoast SEO plugin. -->","yoast_head_json":{"title":"Ferien und Termine - Eduard-M\u00f6rike-Grundschule Blaustein","robots":{"index":"index","follow":"follow","max-snippet":"max-snippet:-1","max-image-preview":"max-image-preview:large","max-video-preview":"max-video-preview:-1"},"canonical":"https:\/\/eduard-moerike-schule.de\/index.php\/termine\/","og_locale":"de_DE","og_type":"article","og_title":"Ferien und Termine - Eduard-M\u00f6rike-Grundschule Blaustein","og_description":"Schulferien 2025\/26 Ferien Von Bis Schulbeginn am Sommerferien Donnerstag31.07.2025 Freitag12.09.2025 Montag15.09.2025 Herbstferien Montag27.10.2025 Freitag31.10.2025 Montag03.11.2025 Weihnachtsferien Montag22.12.2025 Montag05.01.2025 Mittwoch07.01.2026 Faschingsferien Montag16.02.2026 Freitag20.02.2026 Montag23.02.2026 Osterferien Montag30.03.2026 Freitag10.04.2026 Montag13.04.2026 Himmelfahrt Donnerstag14.05.2026 Freitag15.05.2026 Montag18.05.2026 Pfingstferien Dienstag26.05.2026 Freitag&nbsp;05.06.2026 Montag08.06.2026 Sommerferien Donnerstag30.07.2026 Freitag11.09.2026 Montag 14.09.2026 Schulferien 2026\/27 Ferien Von Bis Schulbeginn am Sommerferien Donnerstag30.07.2026 Freitag11.09.26 Montag14.09.2026 Herbstferien Montag24.10.2026 Freitag30.10.2026 Montag02.11.2026 &hellip; \u201eFerien und Termine\u201c weiterlesen","og_url":"https:\/\/eduard-moerike-schule.de\/index.php\/termine\/","og_site_name":"Eduard-M\u00f6rike-Grundschule Blaustein","article_modified_time":"2026-02-08T16:52:18+00:00","twitter_card":"summary_large_image","twitter_misc":{"Gesch\u00e4tzte Lesezeit":"6\u00a0Minuten"},"schema":{"@context":"https:\/\/schema.org","@graph":[{"@type":"WebPage","@id":"https:\/\/eduard-moerike-schule.de\/index.php\/termine\/","url":"https:\/\/eduard-moerike-schule.de\/index.php\/termine\/","name":"Ferien und Termine - Eduard-M\u00f6rike-Grundschule Blaustein","isPartOf":{"@id":"https:\/\/eduard-moerike-schule.de\/#website"},"datePublished":"2017-11-18T13:50:51+00:00","dateModified":"2026-02-08T16:52:18+00:00","breadcrumb":{"@id":"https:\/\/eduard-moerike-schule.de\/index.php\/termine\/#breadcrumb"},"inLanguage":"de","potentialAction":[{"@type":"ReadAction","target":["https:\/\/eduard-moerike-schule.de\/index.php\/termine\/"]}]},{"@type":"BreadcrumbList","@id":"https:\/\/eduard-moerike-schule.de\/index.php\/termine\/#breadcrumb","itemListElement":[{"@type":"ListItem","position":1,"name":"Startseite","item":"https:\/\/eduard-moerike-schule.de\/"},{"@type":"ListItem","position":2,"name":"Ferien und Termine"}]},{"@type":"WebSite","@id":"https:\/\/eduard-moerike-schule.de\/#website","url":"https:\/\/eduard-moerike-schule.de\/","name":"Eduard-M\u00f6rike-Grundschule Blaustein","description":"Bunt &amp; Stark","publisher":{"@id":"https:\/\/eduard-moerike-schule.de\/#organization"},"potentialAction":[{"@type":"SearchAction","target":{"@type":"EntryPoint","urlTemplate":"https:\/\/eduard-moerike-schule.de\/?s={search_term_string}"},"query-input":{"@type":"PropertyValueSpecification","valueRequired":true,"valueName":"search_term_string"}}],"inLanguage":"de"},{"@type":"Organization","@id":"https:\/\/eduard-moerike-schule.de\/#organization","name":"Eduard-M\u00f6rike-Schule Blaustein","url":"https:\/\/eduard-moerike-schule.de\/","logo":{"@type":"ImageObject","inLanguage":"de","@id":"https:\/\/eduard-moerike-schule.de\/#\/schema\/logo\/image\/","url":"https:\/\/eduard-moerike-schule.de\/wp-content\/uploads\/2017\/11\/logo_1000.jpg","contentUrl":"https:\/\/eduard-moerike-schule.de\/wp-content\/uploads\/2017\/11\/logo_1000.jpg","width":1000,"height":356,"caption":"Eduard-M\u00f6rike-Schule Blaustein"},"image":{"@id":"https:\/\/eduard-moerike-schule.de\/#\/schema\/logo\/image\/"}}]}},"_links":{"self":[{"href":"https:\/\/eduard-moerike-schule.de\/index.php\/wp-json\/wp\/v2\/pages\/349","targetHints":{"allow":["GET"]}}],"collection":[{"href":"https:\/\/eduard-moerike-schule.de\/index.php\/wp-json\/wp\/v2\/pages"}],"about":[{"href":"https:\/\/eduard-moerike-schule.de\/index.php\/wp-json\/wp\/v2\/types\/page"}],"author":[{"embeddable":true,"href":"https:\/\/eduard-moerike-schule.de\/index.php\/wp-json\/wp\/v2\/users\/1"}],"replies":[{"embeddable":true,"href":"https:\/\/eduard-moerike-schule.de\/index.php\/wp-json\/wp\/v2\/comments?post=349"}],"version-history":[{"count":70,"href":"https:\/\/eduard-moerike-schule.de\/index.php\/wp-json\/wp\/v2\/pages\/349\/revisions"}],"predecessor-version":[{"id":3217,"href":"https:\/\/eduard-moerike-schule.de\/index.php\/wp-json\/wp\/v2\/pages\/349\/revisions\/3217"}],"wp:attachment":[{"href":"https:\/\/eduard-moerike-schule.de\/index.php\/wp-json\/wp\/v2\/media?parent=349"}],"curies":[{"name":"wp","href":"https:\/\/api.w.org\/{rel}","templated":true}]}}